{"id":25646,"date":"2022-09-19T11:05:16","date_gmt":"2022-09-19T11:05:16","guid":{"rendered":"https:\/\/kempower.com\/?post_type=solution&#038;p=25646"},"modified":"2025-05-09T08:22:57","modified_gmt":"2025-05-09T08:22:57","slug":"kempower-station-charger","status":"publish","type":"solution","link":"https:\/\/kempower.com\/es\/solution\/kempower-station-charger\/","title":{"rendered":"Kempower Station Charger"},"content":{"rendered":"\n<section  class=\"hero-2023 hero-2023--short hero-2023--align-left bg-white\">\n\n  <!--div class=\"hero-2023__container two-columns\"-->\n  \n  <div class=\"hero-2023__container\">\n\n    <figure class=\"hero-2023__banner\">\n\n      <img decoding=\"async\" width=\"1920\" height=\"1080\" src=\"https:\/\/earj6jxwkhd.exactdn.com\/wp-content\/uploads\/2022\/09\/kempower-atellites-power-unit-bus-pic-1-1-2-1920x1080.jpeg?strip=all&amp;lossy=1&amp;ssl=1\" class=\"hero-2023__banner__image\" alt=\"Image of charging site with Kempower Power Units\" style=\"object-position: 50% 50%;\" srcset=\"https:\/\/earj6jxwkhd.exactdn.com\/wp-content\/uploads\/2022\/09\/kempower-atellites-power-unit-bus-pic-1-1-2-1920x1080.jpeg?strip=all&amp;lossy=1&amp;ssl=1 1920w, https:\/\/earj6jxwkhd.exactdn.com\/wp-content\/uploads\/2022\/09\/kempower-atellites-power-unit-bus-pic-1-1-2-300x169.jpeg?strip=all&amp;lossy=1&amp;ssl=1 300w, https:\/\/earj6jxwkhd.exactdn.com\/wp-content\/uploads\/2022\/09\/kempower-atellites-power-unit-bus-pic-1-1-2-1024x576.jpeg?strip=all&amp;lossy=1&amp;ssl=1 1024w, https:\/\/earj6jxwkhd.exactdn.com\/wp-content\/uploads\/2022\/09\/kempower-atellites-power-unit-bus-pic-1-1-2-768x432.jpeg?strip=all&amp;lossy=1&amp;ssl=1 768w, https:\/\/earj6jxwkhd.exactdn.com\/wp-content\/uploads\/2022\/09\/kempower-atellites-power-unit-bus-pic-1-1-2-1536x864.jpeg?strip=all&amp;lossy=1&amp;ssl=1 1536w, https:\/\/earj6jxwkhd.exactdn.com\/wp-content\/uploads\/2022\/09\/kempower-atellites-power-unit-bus-pic-1-1-2-2048x1152.jpeg?strip=all&amp;lossy=1&amp;ssl=1 2048w, https:\/\/earj6jxwkhd.exactdn.com\/wp-content\/uploads\/2022\/09\/kempower-atellites-power-unit-bus-pic-1-1-2-400x225.jpeg?strip=all&amp;lossy=1&amp;ssl=1 400w, https:\/\/earj6jxwkhd.exactdn.com\/wp-content\/uploads\/2022\/09\/kempower-atellites-power-unit-bus-pic-1-1-2-scaled.jpeg?strip=all&amp;lossy=1&amp;w=512&amp;ssl=1 512w, https:\/\/earj6jxwkhd.exactdn.com\/wp-content\/uploads\/2022\/09\/kempower-atellites-power-unit-bus-pic-1-1-2-scaled.jpeg?strip=all&amp;lossy=1&amp;ssl=1 2560w\" sizes=\"(max-width: 575px) 100vw, (max-width: 767px) 510px, (max-width: 991px) 290px, (max-width: 1199px) 530px, 1440px\" \/>\n    <\/figure>\n\n    <div class=\"hero-2023__content\">\n\n      \n      \n\n<div class=\"wp-block-column is-layout-flow wp-block-column-is-layout-flow\">\n<h1 class=\"wp-block-heading\" id=\"h-kempower-station-charger\">Kempower Station Charger<\/h1>\n<\/div>\n\n\n\n<div class=\"wp-block-column is-layout-flow wp-block-column-is-layout-flow\">\n<p>El cargador r\u00e1pido compacto.<br>Un sistema modular simplificado para la recarga p\u00fablica y en cocheras dep\u00f3sitos, apto para todo tipo de veh\u00edculo el\u00e9ctrico.<\/p>\n\n\n\n<div class=\"wp-block-buttons is-layout-flex wp-block-buttons-is-layout-flex\">\n<div class=\"wp-block-button\"><a class=\"wp-block-button__link wp-element-button\" href=\"#contacto\">Contacto<\/a><\/div>\n<\/div>\n<\/div>\n\n\n\n    <\/div>\n  <\/div>\n<\/section>\n\n\n\n<section class=\"block block-text-highlight container-fluid bg-white\" >\n    <div class=\"container\">\n        <div class=\"row\">\n            <div class=\"col-12\">\n                <div class=\"block-text-highlight-content d-flex flex-column\">\n                    <main class=\"entry-content\">\n                        \n\n<h2 class=\"wp-block-heading has-text-align-center\" id=\"h-beneficios-principales\">Beneficios principales<\/h2>\n\n\n                    <\/main>\n\n                                        <ul class=\"row block-text-highlight-row\">\n                                                <li class=\"col-12 col-md-6 col-xl-4\">\n                            \n<div class=\"card-text d-flex flex-column mx-auto\">\n                    <img decoding=\"async\" src=\"https:\/\/earj6jxwkhd.exactdn.com\/wp-content\/uploads\/2022\/08\/kempower_plug_and_play-2.png?strip=all&fit=2350%2C2350&lossy=1&ssl=1\" width=\"2350\" height=\"2350\" class=\"card-text-image mx-auto mx-auto\" alt=\"\" loading=\"lazy\">    \n    <div class=\"card-text-content-wrapper d-flex flex-column text-center\">\n                    <h3>F\u00e1cil de instalar y encender<\/h3>\n        \n                    <div class=\"entry-content\">Su dise\u00f1o compacto solo requiere unos cimientos resistentes y una red el\u00e9ctrica trif\u00e1sica. Los cables de carga con muelle, que ofrecen una experiencia de uso l\u00edder en el mercado, vienen preinstalados de f\u00e1brica.<\/div>\n            <\/div>\n<\/div>\n                        <\/li>\n                                                <li class=\"col-12 col-md-6 col-xl-4\">\n                            \n<div class=\"card-text d-flex flex-column mx-auto\">\n                    <img decoding=\"async\" src=\"https:\/\/earj6jxwkhd.exactdn.com\/wp-content\/uploads\/2022\/09\/kempower_modular_upgrade.png?strip=all&fit=1081%2C1080&lossy=1&ssl=1\" width=\"1081\" height=\"1080\" class=\"card-text-image mx-auto mx-auto\" alt=\"\" loading=\"lazy\">    \n    <div class=\"card-text-content-wrapper d-flex flex-column text-center\">\n                    <h3>Escalabilidad<\/h3>\n        \n                    <div class=\"entry-content\">Presenta la misma estructura modular y escalable que Kempower Power Unit. La capacidad de carga puede ampliarse sobre el terreno con m\u00f3dulos de potencia adicionales. El cargador incluye 1-2\u00a0puntos de carga y admite un m\u00e1ximo de dos puntos de carga externos.<\/div>\n            <\/div>\n<\/div>\n                        <\/li>\n                                                <li class=\"col-12 col-md-6 col-xl-4\">\n                            \n<div class=\"card-text d-flex flex-column mx-auto\">\n                    <img decoding=\"async\" src=\"https:\/\/earj6jxwkhd.exactdn.com\/wp-content\/uploads\/2022\/09\/kempower_dynamic_load-balancing.png?strip=all&fit=1070%2C1070&lossy=1&ssl=1\" width=\"1070\" height=\"1070\" class=\"card-text-image mx-auto mx-auto\" alt=\"\" loading=\"lazy\">    \n    <div class=\"card-text-content-wrapper d-flex flex-column text-center\">\n                    <h3>Redireccionamiento din\u00e1mico de la energ\u00eda<\/h3>\n        \n                    <div class=\"entry-content\">El Station Charger puede equiparse con un m\u00f3dulo din\u00e1mico \u00fanico que puede redirigir todos los canales de alimentaci\u00f3n durante cualquier sesi\u00f3n de carga, mejorando la utilizaci\u00f3n.<\/div>\n            <\/div>\n<\/div>\n                        <\/li>\n                                            <\/ul>\n                                    <\/div>\n            <\/div>\n        <\/div>\n    <\/div>\n<\/section>\n\n\n\n<section class=\"block block-media-text container-fluid bg-white image-right style-large\">\n\n  <!--  -->\n\n  <div class=\"container bg-white\">\n    <div class=\"block-media-text__media\">\n\n      \n              <figure class=\"image-container multi-image\">\n                <img decoding=\"async\" id=\"mainImage-block_acf-block-681dbb604cf5a\"\n                  src=\"https:\/\/earj6jxwkhd.exactdn.com\/wp-content\/uploads\/2025\/04\/stationcharger-v2-cha-ac-ccs2-240-2c-payapo-500-id1-tb-kempower-1024x1024.png?strip=all&#038;lossy=1&#038;ssl=1\"\n                                    loading=\"lazy\" \/>\n              <\/figure>\n              \n        <nav class=\"block-media-text__media__thumbnails\">\n          <div class=\"block-media-text__media__thumbnails__inner\">\n            \n            <button class=\"thumbnail thumbnail--active\">\n              <img decoding=\"async\" src=\"https:\/\/earj6jxwkhd.exactdn.com\/wp-content\/uploads\/2025\/04\/stationcharger-v2-cha-ac-ccs2-240-2c-payapo-500-id1-tb-kempower-150x150.png?strip=all&#038;lossy=1&#038;ssl=1\"\n              data-large=\"https:\/\/earj6jxwkhd.exactdn.com\/wp-content\/uploads\/2025\/04\/stationcharger-v2-cha-ac-ccs2-240-2c-payapo-500-id1-tb-kempower-1024x1024.png?strip=all&#038;lossy=1&#038;ssl=1\"\n              loading=\"lazy\"\n              alt=\"\"\n              class=\"thumbnail__image\"\n              rel=\"mainImage-block_acf-block-681dbb604cf5a\">\n            <\/button>\n            <button class=\"thumbnail\">\n              <img decoding=\"async\" src=\"https:\/\/earj6jxwkhd.exactdn.com\/wp-content\/uploads\/2022\/09\/stationcharger-v2-2xccs2-ac-240-2c-500-id3-tb-kempower-150x150.png?strip=all&#038;lossy=1&#038;ssl=1\"\n              data-large=\"https:\/\/earj6jxwkhd.exactdn.com\/wp-content\/uploads\/2022\/09\/stationcharger-v2-2xccs2-ac-240-2c-500-id3-tb-kempower-1024x1024.png?strip=all&#038;lossy=1&#038;ssl=1\"\n              loading=\"lazy\"\n              alt=\"\"\n              class=\"thumbnail__image\"\n              rel=\"mainImage-block_acf-block-681dbb604cf5a\">\n            <\/button>          <\/div>\n        <\/nav>\n\n        \n    <\/div>\n\n    <div class=\"block-media-text__content\">\n      <main class=\"entry-content entry-content__list-type--loose\">\n\n        \n        \n\n<h2 class=\"wp-block-heading\" id=\"h-el-enfoque-por-estaciones-de-la-carga-rapida-de-cc\">El enfoque por estaciones de la carga r\u00e1pida de CC<\/h2>\n\n\n\n<p>Nuestro Station Charger es una soluci\u00f3n de carga r\u00e1pida de CC todo en uno, que integra a la perfecci\u00f3n la estructura de armario modular de la Power Unit con nuestra interfaz Satellite de f\u00e1cil manejo. Es f\u00e1cil de instalar y utilizar en diversas aplicaciones, siendo totalmente funcional una vez conectada a la alimentaci\u00f3n de CA y puesta en marcha.<\/p>\n\n\n\n<p>Disponibles en versiones de armario individual y doble, los armarios individuales tipo rack ofrecen cuatro ranuras para m\u00f3dulos de potencia, lo que permite al armario individual suministrar hasta 200 kW y al doble hasta 400 kW. Su dise\u00f1o modular permite escalar la capacidad de potencia de carga para satisfacer la creciente demanda de carga.<br><br>Aunque admite un m\u00e1ximo de dos puntos de carga integrados, puede ampliar Kempower Station Charger con dos puntos de carga adicionales utilizando Satellites o unidades de control Kempower. Tambi\u00e9n hay disponible como opci\u00f3n una toma de tipo CA.<\/p>\n\n\n\n      <\/main>\n    <\/div>\n  <\/div>\n<\/section>\n\n\n\n<section class=\"block block-media-text container-fluid bg-lightgray image-left style-large\">\n\n  <!--  -->\n\n  <div class=\"container bg-lightgray\">\n    <div class=\"block-media-text__media\">\n\n      \n              <figure class=\"image-container multi-image\">\n                <img decoding=\"async\" id=\"mainImage-block_acf-block-681dbb604d04e\"\n                  src=\"https:\/\/earj6jxwkhd.exactdn.com\/wp-content\/uploads\/2022\/09\/stationcharger-v2-1xccs2-240-1c-500-id3-tb-kempower-1024x1024.png?strip=all&#038;lossy=1&#038;ssl=1\"\n                                    loading=\"lazy\" \/>\n              <\/figure>\n              \n        <nav class=\"block-media-text__media__thumbnails\">\n          <div class=\"block-media-text__media__thumbnails__inner\">\n            \n            <button class=\"thumbnail thumbnail--active\">\n              <img decoding=\"async\" src=\"https:\/\/earj6jxwkhd.exactdn.com\/wp-content\/uploads\/2022\/09\/stationcharger-v2-1xccs2-240-1c-500-id3-tb-kempower-150x150.png?strip=all&#038;lossy=1&#038;ssl=1\"\n              data-large=\"https:\/\/earj6jxwkhd.exactdn.com\/wp-content\/uploads\/2022\/09\/stationcharger-v2-1xccs2-240-1c-500-id3-tb-kempower-1024x1024.png?strip=all&#038;lossy=1&#038;ssl=1\"\n              loading=\"lazy\"\n              alt=\"\"\n              class=\"thumbnail__image\"\n              rel=\"mainImage-block_acf-block-681dbb604d04e\">\n            <\/button>\n            <button class=\"thumbnail\">\n              <img decoding=\"async\" src=\"https:\/\/earj6jxwkhd.exactdn.com\/wp-content\/uploads\/2022\/09\/stationcharger-v2-1xccs2-240-1c-500-id1-tb-kempower-150x150.png?strip=all&#038;lossy=1&#038;ssl=1\"\n              data-large=\"https:\/\/earj6jxwkhd.exactdn.com\/wp-content\/uploads\/2022\/09\/stationcharger-v2-1xccs2-240-1c-500-id1-tb-kempower-1024x1024.png?strip=all&#038;lossy=1&#038;ssl=1\"\n              loading=\"lazy\"\n              alt=\"\"\n              class=\"thumbnail__image\"\n              rel=\"mainImage-block_acf-block-681dbb604d04e\">\n            <\/button>          <\/div>\n        <\/nav>\n\n        \n    <\/div>\n\n    <div class=\"block-media-text__content\">\n      <main class=\"entry-content entry-content__list-type--loose\">\n\n        \n        \n\n<h2 class=\"wp-block-heading\" id=\"h-solucion-de-carga-compacta-para-espacios-limitados\">Soluci\u00f3n de carga compacta para espacios limitados<\/h2>\n\n\n\n<p>Kempower Station Charger es perfecto para la carga en dep\u00f3sitos con limitaciones de espacio y cableado.<\/p>\n\n\n\n<p>Cada Station Charger cuenta con un m\u00f3dulo de distribuci\u00f3n din\u00e1mica de energ\u00eda capaz de redirigir los canales del m\u00f3dulo de alimentaci\u00f3n durante la carga. Esta flexibilidad le permite asignar energ\u00eda a cualquiera de los 1-4&nbsp;puntos de carga, hasta su capacidad m\u00e1xima, en funci\u00f3n del tama\u00f1o del cable y del n\u00famero de puntos de carga.&nbsp;La gesti\u00f3n din\u00e1mica de la energ\u00eda maximiza el nivel de utilizaci\u00f3n de su equipo de carga.<\/p>\n\n\n\n      <\/main>\n    <\/div>\n  <\/div>\n<\/section>\n\n\n\n  <section class=\"block block-carousel-highlight container-fluid bg-white block-carousel-highlight-slick\"\n    >\n    <div class=\"container\">\n      <div class=\"row\">\n        <div class=\"col-12\">\n\n                      <main class=\"entry-content block-carousel-highlight-entry-content text-left\">\n              <h2 class=\"wp-block-heading h3\">\n                Experiencias positivas de clientes              <\/h2>\n            <\/main>\n            \n          <div class=\"block-carousel-highlight-row row flex-nowrap\">\n            \n              <div class=\"block-carousel-highlight-item col-12 col-md-6 col-xl-4\">\n                \n<article id=\"35855\" class=\"card block-carousel-highlight-card card--stories\">\n\n  <a class=\"card-link\" href=\"https:\/\/kempower.com\/es\/stories\/osprey-carga-hub-accesible\/\"\n    aria-label=\"Leer m\u00e1s\"\n    >\n  <\/a>\n\n      <figure class=\"card-image-wrapper \">\n      <img decoding=\"async\" class=\"card-image\"\n        src=\"https:\/\/earj6jxwkhd.exactdn.com\/wp-content\/uploads\/2022\/09\/Brackley-Hub-Photos-3-1-1024x684-1-768x460.jpg?strip=all&fit=768%2C460&lossy=1&ssl=1\"\n        width=\"768\"\n        height=\"460\"\n        alt=\"\"\n        loading=\"lazy\"\/>\n    <\/figure>\n    \n  <div class=\"card-text-wrapper\">\n\n          <div class=\"card-meta\">\n\n                  <span class=\"card-type\">\n            Customer success stories          <\/span>\n                    <span class=\"card-info\">\n            <time>2022-08-25<\/time><span>3 min. de lectura<\/span>          <\/span>\n          \n      <\/div>\n            <h3 class=\"card-title h4\">\n        Osprey Charging presenta su primer centro de recarga r\u00e1pida accesible con nuestra tecnolog\u00eda      <\/h3>\n      \n    \n    <div class=\"card-info-container\">\n\n              <div class=\"card-button button button-arrow\" href=\"https:\/\/kempower.com\/es\/stories\/osprey-carga-hub-accesible\/\">\n          Leer m\u00e1s        <\/div>\n        \n    <\/div>\n  <\/div>\n<\/article>              <\/div>\n                        <\/div>\n\n          <div class=\"block-carousel-highlight-controls d-flex flex-nowrap justify-content-center align-items-center\">\n            <button class=\"block-carousel-highlight-prev\">\n              Anterior            <\/button>\n            <div class=\"block-carousel-highlight-dots flex-grow-1 flex-md-grow-0\"><\/div>\n            <button class=\"block-carousel-highlight-next\">\n              Siguiente            <\/button>\n          <\/div>\n\n        <\/div>\n      <\/div>\n    <\/div>\n  <\/section>\n  \n\n\n<section class=\"block block-datasheets-teaser container-fluid bg-white wide\"\n    >\n    <div class=\"container\">\n        <div class=\"row\">\n            <div class=\"col-12\">\n                <main class=\"entry-content mx-auto\">\n                    <div class=\"container\">\n                        <div class=\"row\">\n                            <div class=\"datasheets-icon col-12 col-md-2\">\n\n                                <!-- icon -->\n\n                            <\/div>\n                            <div class=\"col-12 col-md-10\">\n\n                                \n\n<div class=\"wp-block-columns is-layout-flex wp-container-core-columns-is-layout-1 wp-block-columns-is-layout-flex\">\n<div class=\"wp-block-column is-vertically-aligned-top is-layout-flow wp-block-column-is-layout-flow\" style=\"flex-basis:50%\">\n<h2 class=\"wp-block-heading\" id=\"h-descargar-las-fichas-tecnicas-de-kempower\">Descargar las fichas t\u00e9cnicas de Kempower<\/h2>\n<\/div>\n\n\n\n<div class=\"wp-block-column is-vertically-aligned-top is-layout-flow wp-block-column-is-layout-flow\" style=\"flex-basis:50%\">\n<p><strong>Consulte todas las especificaciones t\u00e9cnicas de las soluciones de recarga para veh\u00edculos el\u00e9ctricos de Kempower; entre ellas:<\/strong><br>&#8211; Interpretaciones de los c\u00f3digos de producto de todas las variantes<br>&#8211; Medidas<br>&#8211; Conectividad y opciones.<\/p>\n\n\n\n<div class=\"wp-block-button\"><a class=\"wp-block-button__link wp-element-button\" href=\"https:\/\/kempower.com\/es\/noticias-y-contenidos\/fichas-tecnicas\/\">Descargar hojas de datos<\/a><\/div>\n<\/div>\n<\/div>\n\n\n\n                            <\/div>\n                        <\/div>\n                    <\/div>\n                <\/main>\n            <\/div>\n        <\/div>\n    <\/div>\n<\/section>\n\n\n\n  <section class=\"block block-form-2023 \" id='contacto'>\n    <div class=\"container\">\n\n      <div class=\"block-form-2023__form-col\">\n        \n\t\t\t\t\t\t<script>\n\t\t\t\t\t\t\twindow.hsFormsOnReady = window.hsFormsOnReady || [];\n\t\t\t\t\t\t\twindow.hsFormsOnReady.push(()=>{\n\t\t\t\t\t\t\t\thbspt.forms.create({\n\t\t\t\t\t\t\t\t\tportalId: 25508112,\n\t\t\t\t\t\t\t\t\tformId: \"ae3b72fe-79c2-4e24-a387-6728926c0464\",\n\t\t\t\t\t\t\t\t\ttarget: \"#hbspt-form-1754995021000-0706024489\",\n\t\t\t\t\t\t\t\t\tregion: \"eu1\",\n\t\t\t\t\t\t\t\t\t\n\t\t\t\t\t\t\t})});\n\t\t\t\t\t\t<\/script>\n\t\t\t\t\t\t<div class=\"hbspt-form\" id=\"hbspt-form-1754995021000-0706024489\"><\/div>      <\/div>\n\n              <div class=\"block-form-2023__editor bg-orange\">\n\n                      <img decoding=\"async\" src=\"https:\/\/earj6jxwkhd.exactdn.com\/wp-content\/uploads\/2023\/10\/kempower_courage-1.svg\">\n                        <h2 class=\"\">\n              Llame directamente a nuestro equipo de ventas            <\/h2>\n                        <p class=\"\">\n              Estamos aqu\u00ed para ayudarte en la transici\u00f3n hacia la mobilidad el\u00e9ctrica. M\u00e1s de 100 profesionales de la automoci\u00f3n est\u00e1n a tu disposici\u00f3n. Te ayudaremos a hacer crecer tu negocio y a satisfacer los requerimientos del ransporte el\u00e9ctrico.            <\/p>\n                        <div class=\"wp-block-button is-style-outline\">\n              <a class=\"wp-block-button__link\" href=\"https:\/\/kempower.com\/es\/contactar-con-ventas\/\" >\n                Ventas de Kempower              <\/a>\n            <\/div>\n            \n        <\/div>\n        \n    <\/div>\n  <\/section>\n\n  ","protected":false},"excerpt":{"rendered":"","protected":false},"featured_media":62872,"parent":0,"menu_order":0,"template":"","class_list":["post-25646","solution","type-solution","status-publish","has-post-thumbnail","hentry"],"acf":[],"yoast_head":"<!-- This site is optimized with the Yoast SEO Premium plugin v25.1 (Yoast SEO v25.1) - https:\/\/yoast.com\/wordpress\/plugins\/seo\/ -->\n<title>Kempower Station Charger - Kempower<\/title>\n<meta name=\"description\" content=\"Kempower Station Charger: compacta y modular, proporciona carga r\u00e1pida para veh\u00edculos el\u00e9ctricos. Contacte con nosotros para obtener m\u00e1s informaci\u00f3n\" \/>\n<meta name=\"robots\" content=\"index, follow, max-snippet:-1, max-image-preview:large, max-video-preview:-1\" \/>\n<link rel=\"canonical\" href=\"https:\/\/kempower.com\/es\/solution\/kempower-station-charger\/\" \/>\n<meta property=\"og:locale\" content=\"es_ES\" \/>\n<meta property=\"og:type\" content=\"article\" \/>\n<meta property=\"og:title\" content=\"Kempower Station Charger\" \/>\n<meta property=\"og:description\" content=\"Kempower Station Charger: compacta y modular, proporciona carga r\u00e1pida para veh\u00edculos el\u00e9ctricos. Contacte con nosotros para obtener m\u00e1s informaci\u00f3n\" \/>\n<meta property=\"og:url\" content=\"https:\/\/kempower.com\/es\/solution\/kempower-station-charger\/\" \/>\n<meta property=\"og:site_name\" content=\"Kempower\" \/>\n<meta property=\"article:publisher\" content=\"https:\/\/www.facebook.com\/kempowerfi\/\" \/>\n<meta property=\"article:modified_time\" content=\"2025-05-09T08:22:57+00:00\" \/>\n<meta property=\"og:image\" content=\"https:\/\/kempower.com\/wp-content\/uploads\/2022\/09\/stationcharger-v2-2xccs2-ac-1c-id1-optio1-tb-kempower-1024x1024.png\" \/>\n\t<meta property=\"og:image:width\" content=\"1024\" \/>\n\t<meta property=\"og:image:height\" content=\"1024\" \/>\n\t<meta property=\"og:image:type\" content=\"image\/png\" \/>\n<meta name=\"twitter:card\" content=\"summary_large_image\" \/>\n<meta name=\"twitter:site\" content=\"@kempoweroyj\" \/>\n<meta name=\"twitter:label1\" content=\"Tiempo de lectura\" \/>\n\t<meta name=\"twitter:data1\" content=\"7 minutos\" \/>\n<script type=\"application\/ld+json\" class=\"yoast-schema-graph\">{\"@context\":\"https:\/\/schema.org\",\"@graph\":[{\"@type\":\"WebPage\",\"@id\":\"https:\/\/kempower.com\/es\/solution\/kempower-station-charger\/\",\"url\":\"https:\/\/kempower.com\/es\/solution\/kempower-station-charger\/\",\"name\":\"Kempower Station Charger - Kempower\",\"isPartOf\":{\"@id\":\"https:\/\/kempower.com\/es\/#website\"},\"primaryImageOfPage\":{\"@id\":\"https:\/\/kempower.com\/es\/solution\/kempower-station-charger\/#primaryimage\"},\"image\":{\"@id\":\"https:\/\/kempower.com\/es\/solution\/kempower-station-charger\/#primaryimage\"},\"thumbnailUrl\":\"https:\/\/earj6jxwkhd.exactdn.com\/wp-content\/uploads\/2022\/09\/stationcharger-v2-2xccs2-ac-1c-id1-optio1-tb-kempower.png?strip=all&lossy=1&ssl=1\",\"datePublished\":\"2022-09-19T11:05:16+00:00\",\"dateModified\":\"2025-05-09T08:22:57+00:00\",\"description\":\"Kempower Station Charger: compacta y modular, proporciona carga r\u00e1pida para veh\u00edculos el\u00e9ctricos. Contacte con nosotros para obtener m\u00e1s informaci\u00f3n\",\"breadcrumb\":{\"@id\":\"https:\/\/kempower.com\/es\/solution\/kempower-station-charger\/#breadcrumb\"},\"inLanguage\":\"es\",\"potentialAction\":[{\"@type\":\"ReadAction\",\"target\":[\"https:\/\/kempower.com\/es\/solution\/kempower-station-charger\/\"]}]},{\"@type\":\"ImageObject\",\"inLanguage\":\"es\",\"@id\":\"https:\/\/kempower.com\/es\/solution\/kempower-station-charger\/#primaryimage\",\"url\":\"https:\/\/earj6jxwkhd.exactdn.com\/wp-content\/uploads\/2022\/09\/stationcharger-v2-2xccs2-ac-1c-id1-optio1-tb-kempower.png?strip=all&lossy=1&ssl=1\",\"contentUrl\":\"https:\/\/earj6jxwkhd.exactdn.com\/wp-content\/uploads\/2022\/09\/stationcharger-v2-2xccs2-ac-1c-id1-optio1-tb-kempower.png?strip=all&lossy=1&ssl=1\",\"width\":5120,\"height\":5120},{\"@type\":\"BreadcrumbList\",\"@id\":\"https:\/\/kempower.com\/es\/solution\/kempower-station-charger\/#breadcrumb\",\"itemListElement\":[{\"@type\":\"ListItem\",\"position\":1,\"name\":\"Home\",\"item\":\"https:\/\/kempower.com\/es\/\"},{\"@type\":\"ListItem\",\"position\":2,\"name\":\"Kempower Station Charger\"}]},{\"@type\":\"WebSite\",\"@id\":\"https:\/\/kempower.com\/es\/#website\",\"url\":\"https:\/\/kempower.com\/es\/\",\"name\":\"Kempower\",\"description\":\"Powering Planet Cool\",\"publisher\":{\"@id\":\"https:\/\/kempower.com\/es\/#organization\"},\"potentialAction\":[{\"@type\":\"SearchAction\",\"target\":{\"@type\":\"EntryPoint\",\"urlTemplate\":\"https:\/\/kempower.com\/es\/?s={search_term_string}\"},\"query-input\":{\"@type\":\"PropertyValueSpecification\",\"valueRequired\":true,\"valueName\":\"search_term_string\"}}],\"inLanguage\":\"es\"},{\"@type\":\"Organization\",\"@id\":\"https:\/\/kempower.com\/es\/#organization\",\"name\":\"Kempower Oy\",\"alternateName\":\"Kempower\",\"url\":\"https:\/\/kempower.com\/es\/\",\"logo\":{\"@type\":\"ImageObject\",\"inLanguage\":\"es\",\"@id\":\"https:\/\/kempower.com\/es\/#\/schema\/logo\/image\/\",\"url\":\"https:\/\/earj6jxwkhd.exactdn.com\/wp-content\/uploads\/2024\/04\/kp-logo-orangelarge.svg\",\"contentUrl\":\"https:\/\/earj6jxwkhd.exactdn.com\/wp-content\/uploads\/2024\/04\/kp-logo-orangelarge.svg\",\"width\":696,\"height\":697,\"caption\":\"Kempower Oy\"},\"image\":{\"@id\":\"https:\/\/kempower.com\/es\/#\/schema\/logo\/image\/\"},\"sameAs\":[\"https:\/\/www.facebook.com\/kempowerfi\/\",\"https:\/\/x.com\/kempoweroyj\"]}]}<\/script>\n<!-- \/ Yoast SEO Premium plugin. -->","yoast_head_json":{"title":"Kempower Station Charger - Kempower","description":"Kempower Station Charger: compacta y modular, proporciona carga r\u00e1pida para veh\u00edculos el\u00e9ctricos. Contacte con nosotros para obtener m\u00e1s informaci\u00f3n","robots":{"index":"index","follow":"follow","max-snippet":"max-snippet:-1","max-image-preview":"max-image-preview:large","max-video-preview":"max-video-preview:-1"},"canonical":"https:\/\/kempower.com\/es\/solution\/kempower-station-charger\/","og_locale":"es_ES","og_type":"article","og_title":"Kempower Station Charger","og_description":"Kempower Station Charger: compacta y modular, proporciona carga r\u00e1pida para veh\u00edculos el\u00e9ctricos. Contacte con nosotros para obtener m\u00e1s informaci\u00f3n","og_url":"https:\/\/kempower.com\/es\/solution\/kempower-station-charger\/","og_site_name":"Kempower","article_publisher":"https:\/\/www.facebook.com\/kempowerfi\/","article_modified_time":"2025-05-09T08:22:57+00:00","og_image":[{"width":1024,"height":1024,"url":"https:\/\/kempower.com\/wp-content\/uploads\/2022\/09\/stationcharger-v2-2xccs2-ac-1c-id1-optio1-tb-kempower-1024x1024.png","type":"image\/png"}],"twitter_card":"summary_large_image","twitter_site":"@kempoweroyj","twitter_misc":{"Tiempo de lectura":"7 minutos"},"schema":{"@context":"https:\/\/schema.org","@graph":[{"@type":"WebPage","@id":"https:\/\/kempower.com\/es\/solution\/kempower-station-charger\/","url":"https:\/\/kempower.com\/es\/solution\/kempower-station-charger\/","name":"Kempower Station Charger - Kempower","isPartOf":{"@id":"https:\/\/kempower.com\/es\/#website"},"primaryImageOfPage":{"@id":"https:\/\/kempower.com\/es\/solution\/kempower-station-charger\/#primaryimage"},"image":{"@id":"https:\/\/kempower.com\/es\/solution\/kempower-station-charger\/#primaryimage"},"thumbnailUrl":"https:\/\/earj6jxwkhd.exactdn.com\/wp-content\/uploads\/2022\/09\/stationcharger-v2-2xccs2-ac-1c-id1-optio1-tb-kempower.png?strip=all&lossy=1&ssl=1","datePublished":"2022-09-19T11:05:16+00:00","dateModified":"2025-05-09T08:22:57+00:00","description":"Kempower Station Charger: compacta y modular, proporciona carga r\u00e1pida para veh\u00edculos el\u00e9ctricos. Contacte con nosotros para obtener m\u00e1s informaci\u00f3n","breadcrumb":{"@id":"https:\/\/kempower.com\/es\/solution\/kempower-station-charger\/#breadcrumb"},"inLanguage":"es","potentialAction":[{"@type":"ReadAction","target":["https:\/\/kempower.com\/es\/solution\/kempower-station-charger\/"]}]},{"@type":"ImageObject","inLanguage":"es","@id":"https:\/\/kempower.com\/es\/solution\/kempower-station-charger\/#primaryimage","url":"https:\/\/earj6jxwkhd.exactdn.com\/wp-content\/uploads\/2022\/09\/stationcharger-v2-2xccs2-ac-1c-id1-optio1-tb-kempower.png?strip=all&lossy=1&ssl=1","contentUrl":"https:\/\/earj6jxwkhd.exactdn.com\/wp-content\/uploads\/2022\/09\/stationcharger-v2-2xccs2-ac-1c-id1-optio1-tb-kempower.png?strip=all&lossy=1&ssl=1","width":5120,"height":5120},{"@type":"BreadcrumbList","@id":"https:\/\/kempower.com\/es\/solution\/kempower-station-charger\/#breadcrumb","itemListElement":[{"@type":"ListItem","position":1,"name":"Home","item":"https:\/\/kempower.com\/es\/"},{"@type":"ListItem","position":2,"name":"Kempower Station Charger"}]},{"@type":"WebSite","@id":"https:\/\/kempower.com\/es\/#website","url":"https:\/\/kempower.com\/es\/","name":"Kempower","description":"Powering Planet Cool","publisher":{"@id":"https:\/\/kempower.com\/es\/#organization"},"potentialAction":[{"@type":"SearchAction","target":{"@type":"EntryPoint","urlTemplate":"https:\/\/kempower.com\/es\/?s={search_term_string}"},"query-input":{"@type":"PropertyValueSpecification","valueRequired":true,"valueName":"search_term_string"}}],"inLanguage":"es"},{"@type":"Organization","@id":"https:\/\/kempower.com\/es\/#organization","name":"Kempower Oy","alternateName":"Kempower","url":"https:\/\/kempower.com\/es\/","logo":{"@type":"ImageObject","inLanguage":"es","@id":"https:\/\/kempower.com\/es\/#\/schema\/logo\/image\/","url":"https:\/\/earj6jxwkhd.exactdn.com\/wp-content\/uploads\/2024\/04\/kp-logo-orangelarge.svg","contentUrl":"https:\/\/earj6jxwkhd.exactdn.com\/wp-content\/uploads\/2024\/04\/kp-logo-orangelarge.svg","width":696,"height":697,"caption":"Kempower Oy"},"image":{"@id":"https:\/\/kempower.com\/es\/#\/schema\/logo\/image\/"},"sameAs":["https:\/\/www.facebook.com\/kempowerfi\/","https:\/\/x.com\/kempoweroyj"]}]}},"_links":{"self":[{"href":"https:\/\/kempower.com\/es\/wp-json\/wp\/v2\/solution\/25646","targetHints":{"allow":["GET"]}}],"collection":[{"href":"https:\/\/kempower.com\/es\/wp-json\/wp\/v2\/solution"}],"about":[{"href":"https:\/\/kempower.com\/es\/wp-json\/wp\/v2\/types\/solution"}],"version-history":[{"count":14,"href":"https:\/\/kempower.com\/es\/wp-json\/wp\/v2\/solution\/25646\/revisions"}],"predecessor-version":[{"id":72924,"href":"https:\/\/kempower.com\/es\/wp-json\/wp\/v2\/solution\/25646\/revisions\/72924"}],"wp:featuredmedia":[{"embeddable":true,"href":"https:\/\/kempower.com\/es\/wp-json\/wp\/v2\/media\/62872"}],"wp:attachment":[{"href":"https:\/\/kempower.com\/es\/wp-json\/wp\/v2\/media?parent=25646"}],"curies":[{"name":"wp","href":"https:\/\/api.w.org\/{rel}","templated":true}]}}